{"id":5056,"date":"2026-03-23T19:35:57","date_gmt":"2026-03-23T18:35:57","guid":{"rendered":"https:\/\/werkbank32.eu\/?post_type=tribe_events&amp;p=5056"},"modified":"2026-03-23T19:35:57","modified_gmt":"2026-03-23T18:35:57","slug":"unternehmensaustausch-fuer-unternehmerinnen-und-unternehmer","status":"publish","type":"tribe_events","link":"https:\/\/werkbank32.de\/et\/veranstaltung\/unternehmensaustausch-fuer-unternehmerinnen-und-unternehmer\/","title":{"rendered":"Unternehmensaustausch f\u00fcr Unternehmerinnen und Unternehmer"},"content":{"rendered":"<p>Region Weiden in der Oberpfalz<\/p>\n<p>Ein Tag Abstand vom Tagesgesch\u00e4ft.<br data-start=\"461\" data-end=\"464\" \/>Neue Perspektiven. Austausch auf Augenh\u00f6he.<\/p>\n<h3 data-section-id=\"fpehek\" data-start=\"514\" data-end=\"535\"><span role=\"text\"><strong data-start=\"518\" data-end=\"535\">Worum es geht<\/strong><\/span><\/h3>\n<p data-start=\"537\" data-end=\"670\">Der unternehmerische Alltag l\u00e4sst oft wenig Raum f\u00fcr Abstand.<br data-start=\"598\" data-end=\"601\" \/>Entscheidungen, operative Themen und Verantwortung bestimmen den Tag.<\/p>\n<p data-start=\"672\" data-end=\"766\">Mit dem Unternehmensaustausch schaffen wir bewusst einen Rahmen, um genau das zu durchbrechen:<\/p>\n<p data-start=\"768\" data-end=\"912\">\ud83d\udc49 einen Tag raus aus dem eigenen Unternehmen<br data-start=\"813\" data-end=\"816\" \/>\ud83d\udc49 neue Einblicke in reale Praxis<br data-start=\"849\" data-end=\"852\" \/>\ud83d\udc49 Austausch mit anderen Unternehmerinnen und Unternehmern<\/p>\n<p data-start=\"914\" data-end=\"995\">Der Fokus liegt nicht auf Theorie, sondern auf dem, was tats\u00e4chlich funktioniert.<\/p>\n<h3 data-section-id=\"m5rtuy\" data-start=\"1002\" data-end=\"1026\"><span role=\"text\"><strong data-start=\"1006\" data-end=\"1026\">Was Sie erwartet<\/strong><\/span><\/h3>\n<ul data-start=\"1028\" data-end=\"1363\">\n<li data-section-id=\"nbzlsq\" data-start=\"1028\" data-end=\"1094\">gemeinsamer Tagesausflug in die Region Weiden in der Oberpfalz<\/li>\n<li data-section-id=\"1c89t2g\" data-start=\"1095\" data-end=\"1162\">Einblicke in produzierendes Gewerbe und unternehmerische Praxis<\/li>\n<li data-section-id=\"u6m80s\" data-start=\"1163\" data-end=\"1236\">Gespr\u00e4che mit anderen Unternehmerinnen und Unternehmern auf Augenh\u00f6he<\/li>\n<li data-section-id=\"1gn2y66\" data-start=\"1237\" data-end=\"1292\">Raum f\u00fcr Austausch, Reflexion und neue Perspektiven<\/li>\n<li data-section-id=\"1rf3fcj\" data-start=\"1293\" data-end=\"1363\">Zeit, das eigene Unternehmen aus einer anderen Sicht zu betrachten<\/li>\n<\/ul>\n<p data-start=\"1365\" data-end=\"1466\">Der Unternehmensaustausch ist bewusst kompakt gehalten und verzichtet auf klassische Vortragsformate.<\/p>\n<h3 data-section-id=\"1sjphzi\" data-start=\"1473\" data-end=\"1512\"><span role=\"text\"><strong data-start=\"1477\" data-end=\"1512\">F\u00fcr wen ist das Format gedacht?<\/strong><\/span><\/h3>\n<ul data-start=\"1514\" data-end=\"1674\">\n<li data-section-id=\"18g3ofp\" data-start=\"1514\" data-end=\"1550\">Unternehmerinnen und Unternehmer<\/li>\n<li data-section-id=\"1n17s6i\" data-start=\"1551\" data-end=\"1625\">Entscheiderinnen und Entscheider aus kleinen und mittleren Unternehmen<\/li>\n<li data-section-id=\"dm5cnt\" data-start=\"1626\" data-end=\"1674\">Personen mit unternehmerischer Verantwortung<\/li>\n<\/ul>\n<p data-start=\"1676\" data-end=\"1695\">Branchenunabh\u00e4ngig.<\/p>\n<h3 data-section-id=\"1h01his\" data-start=\"1702\" data-end=\"1727\"><span role=\"text\"><strong data-start=\"1706\" data-end=\"1727\">Warum teilnehmen?<\/strong><\/span><\/h3>\n<p data-start=\"1729\" data-end=\"1806\">Viele Teilnehmende der vergangenen Jahre beschreiben den gr\u00f6\u00dften Mehrwert so:<\/p>\n<ul data-start=\"1808\" data-end=\"2017\">\n<li data-section-id=\"1jbp8fi\" data-start=\"1808\" data-end=\"1851\">Abstand gewinnen, ohne Urlaub zu machen<\/li>\n<li data-section-id=\"10cjdrg\" data-start=\"1852\" data-end=\"1918\">sehen, wie andere Unternehmen konkrete Herausforderungen l\u00f6sen<\/li>\n<li data-section-id=\"mrc8lt\" data-start=\"1919\" data-end=\"1962\">ehrlicher Austausch ohne Verkaufsfolien<\/li>\n<li data-section-id=\"1bj68xk\" data-start=\"1963\" data-end=\"2017\">Kontakte, die \u00fcber den Tag hinaus bestehen bleiben<\/li>\n<\/ul>\n<p data-start=\"2019\" data-end=\"2141\">Oder einfacher gesagt:<br data-start=\"2041\" data-end=\"2044\" \/><strong data-start=\"2044\" data-end=\"2103\">Nicht im Unternehmen arbeiten \u2013 sondern am Unternehmen.<\/strong><\/p>\n<h3 data-section-id=\"1p6fyre\" data-start=\"2148\" data-end=\"2176\"><span role=\"text\"><strong data-start=\"2152\" data-end=\"2176\">Hinweis zum Programm<\/strong><\/span><\/h3>\n<p data-start=\"2178\" data-end=\"2336\">Die konkreten Stationen und Inhalte befinden sich aktuell noch in Abstimmung.<br data-start=\"2255\" data-end=\"2258\" \/>Der Anspruch bleibt: relevante Einblicke, echte Praxis und Zeit f\u00fcr Austausch.<\/p>\n<h3 data-section-id=\"bap1ew\" data-start=\"2343\" data-end=\"2372\"><span role=\"text\"><strong data-start=\"2347\" data-end=\"2372\">Teilnahme &amp; Anmeldung<\/strong><\/span><\/h3>\n<p data-start=\"2374\" data-end=\"2485\">Die Reise ist vollst\u00e4ndig ausgebucht.<\/p>\n<p data-start=\"2487\" data-end=\"2517\">","protected":false},"excerpt":{"rendered":"<p>Region Weiden in der Oberpfalz Ein Tag Abstand vom Tagesgesch\u00e4ft.Neue Perspektiven. Austausch auf Augenh\u00f6he. Worum es geht Der unternehmerische Alltag l\u00e4sst oft wenig Raum f\u00fcr Abstand.Entscheidungen, operative Themen und Verantwortung [&hellip;]<\/p>\n","protected":false},"author":4,"featured_media":5066,"template":"","meta":{"_tribe_events_status":"","_tribe_events_status_reason":"","footnotes":""},"tags":[],"tribe_events_cat":[],"class_list":["post-5056","tribe_events","type-tribe_events","status-publish","has-post-thumbnail","hentry"],"blocksy_meta":[],"_links":{"self":[{"href":"https:\/\/werkbank32.de\/et\/wp-json\/wp\/v2\/tribe_events\/5056","targetHints":{"allow":["GET"]}}],"collection":[{"href":"https:\/\/werkbank32.de\/et\/wp-json\/wp\/v2\/tribe_events"}],"about":[{"href":"https:\/\/werkbank32.de\/et\/wp-json\/wp\/v2\/types\/tribe_events"}],"author":[{"embeddable":true,"href":"https:\/\/werkbank32.de\/et\/wp-json\/wp\/v2\/users\/4"}],"version-history":[{"count":0,"href":"https:\/\/werkbank32.de\/et\/wp-json\/wp\/v2\/tribe_events\/5056\/revisions"}],"wp:featuredmedia":[{"embeddable":true,"href":"https:\/\/werkbank32.de\/et\/wp-json\/wp\/v2\/media\/5066"}],"wp:attachment":[{"href":"https:\/\/werkbank32.de\/et\/wp-json\/wp\/v2\/media?parent=5056"}],"wp:term":[{"taxonomy":"post_tag","embeddable":true,"href":"https:\/\/werkbank32.de\/et\/wp-json\/wp\/v2\/tags?post=5056"},{"taxonomy":"tribe_events_cat","embeddable":true,"href":"https:\/\/werkbank32.de\/et\/wp-json\/wp\/v2\/tribe_events_cat?post=5056"}],"curies":[{"name":"wp","href":"https:\/\/api.w.org\/{rel}","templated":true}]}}